{"id":781,"date":"2025-05-20T09:12:43","date_gmt":"2025-05-20T09:12:43","guid":{"rendered":"https:\/\/www.sadhana-yoga.es\/index.php\/home\/"},"modified":"2025-08-29T03:48:27","modified_gmt":"2025-08-29T03:48:27","slug":"home","status":"publish","type":"page","link":"https:\/\/www.sadhana-yoga.es\/es\/","title":{"rendered":"Home"},"content":{"rendered":"\t\t<div data-elementor-type=\"wp-post\" data-elementor-id=\"781\" class=\"elementor elementor-781\">\n\t\t\t\t<div class=\"elementor-element elementor-element-cdabdac e-flex e-con-boxed e-con e-parent\" data-id=\"cdabdac\" data-element_type=\"container\" data-e-type=\"container\" data-settings=\"{&quot;background_background&quot;:&quot;video&quot;,&quot;background_video_link&quot;:&quot;https:\\\/\\\/www.youtube.com\\\/watch?v=0vXf4m9Cc5w&quot;,&quot;background_play_on_mobile&quot;:&quot;yes&quot;}\">\n\t\t\t\t\t<div class=\"e-con-inner\">\n\t\t<div class=\"elementor-background-video-container\">\n\t\t\t\t\t\t\t<div class=\"elementor-background-video-embed\" role=\"presentation\"><\/div>\n\t\t\t\t\t\t<\/div><div class=\"elementor-element elementor-element-7b4be11 e-con-full e-flex e-con e-child\" data-id=\"7b4be11\" data-element_type=\"container\" data-e-type=\"container\">\n\t\t\t\t<div class=\"elementor-element elementor-element-2836b62 elementor-widget elementor-widget-heading\" data-id=\"2836b62\" data-element_type=\"widget\" data-e-type=\"widget\" data-settings=\"{&quot;_animation&quot;:&quot;none&quot;}\" data-widget_type=\"heading.default\">\n\t\t\t\t<div class=\"elementor-widget-container\">\n\t\t\t\t\t<h2 class=\"elementor-heading-title elementor-size-default\">Respira profundo.<br>Has llegado a tu espacio de calma.\n<\/h2>\t\t\t\t<\/div>\n\t\t\t\t<\/div>\n\t\t\t\t<div class=\"elementor-element elementor-element-79c5e5d animated-slow elementor-invisible elementor-widget elementor-widget-text-editor\" data-id=\"79c5e5d\" data-element_type=\"widget\" data-e-type=\"widget\" data-settings=\"{&quot;_animation&quot;:&quot;fadeInUp&quot;}\" data-widget_type=\"text-editor.default\">\n\t\t\t\t<div class=\"elementor-widget-container\">\n\t\t\t\t\t\t\t\t\tBienvenido a S\u00e2dhana, un espacio para reconectar contigo.\t\t\t\t\t\t\t\t<\/div>\n\t\t\t\t<\/div>\n\t\t\t\t<div class=\"elementor-element elementor-element-aa25b27 elementor-tablet-align-left elementor-widget elementor-widget-button\" data-id=\"aa25b27\" data-element_type=\"widget\" data-e-type=\"widget\" data-widget_type=\"button.default\">\n\t\t\t\t<div class=\"elementor-widget-container\">\n\t\t\t\t\t\t\t\t\t<div class=\"elementor-button-wrapper\">\n\t\t\t\t\t<a class=\"elementor-button elementor-button-link elementor-size-sm elementor-animation-float\" href=\"https:\/\/wa.me\/+34612255831\">\n\t\t\t\t\t\t<span class=\"elementor-button-content-wrapper\">\n\t\t\t\t\t\t\t\t\t<span class=\"elementor-button-text\">\u00a1Ven a probar!<\/span>\n\t\t\t\t\t<\/span>\n\t\t\t\t\t<\/a>\n\t\t\t\t<\/div>\n\t\t\t\t\t\t\t\t<\/div>\n\t\t\t\t<\/div>\n\t\t\t\t<\/div>\n\t\t\t\t\t<\/div>\n\t\t\t\t<\/div>\n\t\t<div class=\"elementor-element elementor-element-603e2d4 e-flex e-con-boxed e-con e-parent\" data-id=\"603e2d4\" data-element_type=\"container\" data-e-type=\"container\">\n\t\t\t\t\t<div class=\"e-con-inner\">\n\t\t<div class=\"elementor-element elementor-element-270f9d8 e-con-full e-flex e-con e-child\" data-id=\"270f9d8\" data-element_type=\"container\" data-e-type=\"container\">\n\t\t\t\t<div class=\"elementor-element elementor-element-8ea4521 elementor-widget elementor-widget-heading\" data-id=\"8ea4521\" data-element_type=\"widget\" data-e-type=\"widget\" data-widget_type=\"heading.default\">\n\t\t\t\t<div class=\"elementor-widget-container\">\n\t\t\t\t\t<h2 class=\"elementor-heading-title elementor-size-default\">\u00bfQu\u00e9 te ofrecemos?<\/h2>\t\t\t\t<\/div>\n\t\t\t\t<\/div>\n\t\t\t\t<div class=\"elementor-element elementor-element-e8243e4 elementor-invisible elementor-widget elementor-widget-text-editor\" data-id=\"e8243e4\" data-element_type=\"widget\" data-e-type=\"widget\" data-settings=\"{&quot;_animation&quot;:&quot;fadeIn&quot;}\" data-widget_type=\"text-editor.default\">\n\t\t\t\t<div class=\"elementor-widget-container\">\n\t\t\t\t\t\t\t\t\tTe ofrecemos un espacio donde podr\u00e1s disfrutar de las t\u00e9cnicas de yoga y otras disciplinas. Estas te ayudar\u00e1n a mejorar y conservar tu salud desde un enfoque integral. Clases para todos los niveles, todos los cuerpos y todas las intenciones.\t\t\t\t\t\t\t\t<\/div>\n\t\t\t\t<\/div>\n\t\t\t\t<\/div>\n\t\t<div class=\"elementor-element elementor-element-8349298 e-con-full e-flex e-con e-child\" data-id=\"8349298\" data-element_type=\"container\" data-e-type=\"container\">\n\t\t\t\t<div class=\"elementor-element elementor-element-3a2e8d5 elementor-position-top elementor-widget elementor-widget-image-box\" data-id=\"3a2e8d5\" data-element_type=\"widget\" data-e-type=\"widget\" data-widget_type=\"image-box.default\">\n\t\t\t\t<div class=\"elementor-widget-container\">\n\t\t\t\t\t<div class=\"elementor-image-box-wrapper\"><figure class=\"elementor-image-box-img\"><a href=\"https:\/\/www.sadhana-yoga.es\/es\/yoga\/\" tabindex=\"-1\"><img fetchpriority=\"high\" decoding=\"async\" width=\"800\" height=\"800\" src=\"https:\/\/www.sadhana-yoga.es\/es\/wp-content\/uploads\/2025\/05\/vinyasa-yoga-igualada.jpg\" class=\"attachment-full size-full wp-image-1087\" alt=\"\" srcset=\"https:\/\/www.sadhana-yoga.es\/es\/wp-content\/uploads\/2025\/05\/vinyasa-yoga-igualada.jpg 800w, https:\/\/www.sadhana-yoga.es\/es\/wp-content\/uploads\/2025\/05\/vinyasa-yoga-igualada-300x300.jpg 300w, https:\/\/www.sadhana-yoga.es\/es\/wp-content\/uploads\/2025\/05\/vinyasa-yoga-igualada-150x150.jpg 150w, https:\/\/www.sadhana-yoga.es\/es\/wp-content\/uploads\/2025\/05\/vinyasa-yoga-igualada-768x768.jpg 768w\" sizes=\"(max-width: 800px) 100vw, 800px\" \/><\/a><\/figure><div class=\"elementor-image-box-content\"><h3 class=\"elementor-image-box-title\"><a href=\"https:\/\/www.sadhana-yoga.es\/es\/yoga\/\">Yoga<\/a><\/h3><p class=\"elementor-image-box-description\">Una invitaci\u00f3n a escuchar tu cuerpo, calmar la mente y conectar con la esencia. Bienvenida.<\/p><\/div><\/div>\t\t\t\t<\/div>\n\t\t\t\t<\/div>\n\t\t\t\t<\/div>\n\t\t<div class=\"elementor-element elementor-element-8d1ed1f e-con-full e-flex e-con e-child\" data-id=\"8d1ed1f\" data-element_type=\"container\" data-e-type=\"container\">\n\t\t\t\t<div class=\"elementor-element elementor-element-4e82c4b elementor-position-top elementor-widget elementor-widget-image-box\" data-id=\"4e82c4b\" data-element_type=\"widget\" data-e-type=\"widget\" data-widget_type=\"image-box.default\">\n\t\t\t\t<div class=\"elementor-widget-container\">\n\t\t\t\t\t<div class=\"elementor-image-box-wrapper\"><figure class=\"elementor-image-box-img\"><a href=\"https:\/\/www.sadhana-yoga.es\/es\/reformer-and-co\/\" tabindex=\"-1\"><img decoding=\"async\" width=\"800\" height=\"800\" src=\"https:\/\/www.sadhana-yoga.es\/es\/wp-content\/uploads\/2025\/05\/pilates-reformer-igualada.jpg\" class=\"attachment-full size-full wp-image-1086\" alt=\"\" srcset=\"https:\/\/www.sadhana-yoga.es\/es\/wp-content\/uploads\/2025\/05\/pilates-reformer-igualada.jpg 800w, https:\/\/www.sadhana-yoga.es\/es\/wp-content\/uploads\/2025\/05\/pilates-reformer-igualada-300x300.jpg 300w, https:\/\/www.sadhana-yoga.es\/es\/wp-content\/uploads\/2025\/05\/pilates-reformer-igualada-150x150.jpg 150w, https:\/\/www.sadhana-yoga.es\/es\/wp-content\/uploads\/2025\/05\/pilates-reformer-igualada-768x768.jpg 768w\" sizes=\"(max-width: 800px) 100vw, 800px\" \/><\/a><\/figure><div class=\"elementor-image-box-content\"><h3 class=\"elementor-image-box-title\"><a href=\"https:\/\/www.sadhana-yoga.es\/es\/reformer-and-co\/\">Reformer &amp; Co.<\/a><\/h3><p class=\"elementor-image-box-description\">Fortal\u00e9cete desde la base con movimientos suaves y precisos. Mejora postura, fuerza interior y conciencia corporal.<\/p><\/div><\/div>\t\t\t\t<\/div>\n\t\t\t\t<\/div>\n\t\t\t\t<\/div>\n\t\t<div class=\"elementor-element elementor-element-1ec54b8 e-con-full e-flex e-con e-child\" data-id=\"1ec54b8\" data-element_type=\"container\" data-e-type=\"container\">\n\t\t\t\t<div class=\"elementor-element elementor-element-49bc0b8 elementor-position-top elementor-widget elementor-widget-image-box\" data-id=\"49bc0b8\" data-element_type=\"widget\" data-e-type=\"widget\" data-widget_type=\"image-box.default\">\n\t\t\t\t<div class=\"elementor-widget-container\">\n\t\t\t\t\t<div class=\"elementor-image-box-wrapper\"><figure class=\"elementor-image-box-img\"><a href=\"https:\/\/www.sadhana-yoga.es\/es\/otras-clases\/\" tabindex=\"-1\"><img decoding=\"async\" width=\"800\" height=\"800\" src=\"https:\/\/www.sadhana-yoga.es\/es\/wp-content\/uploads\/2025\/05\/meditacion-igualada.jpg\" class=\"attachment-full size-full wp-image-1084\" alt=\"\" srcset=\"https:\/\/www.sadhana-yoga.es\/es\/wp-content\/uploads\/2025\/05\/meditacion-igualada.jpg 800w, https:\/\/www.sadhana-yoga.es\/es\/wp-content\/uploads\/2025\/05\/meditacion-igualada-300x300.jpg 300w, https:\/\/www.sadhana-yoga.es\/es\/wp-content\/uploads\/2025\/05\/meditacion-igualada-150x150.jpg 150w, https:\/\/www.sadhana-yoga.es\/es\/wp-content\/uploads\/2025\/05\/meditacion-igualada-768x768.jpg 768w\" sizes=\"(max-width: 800px) 100vw, 800px\" \/><\/a><\/figure><div class=\"elementor-image-box-content\"><h3 class=\"elementor-image-box-title\"><a href=\"https:\/\/www.sadhana-yoga.es\/es\/otras-clases\/\">Otras<\/a><\/h3><p class=\"elementor-image-box-description\">Silencio, presencia, respiraci\u00f3n. Detente y vuelve a ti mismo\/a. Cultivamos la atenci\u00f3n plena y la calma interior.<\/p><\/div><\/div>\t\t\t\t<\/div>\n\t\t\t\t<\/div>\n\t\t\t\t<\/div>\n\t\t\t\t\t<\/div>\n\t\t\t\t<\/div>\n\t\t<div class=\"elementor-element elementor-element-634d11b e-flex e-con-boxed e-con e-parent\" data-id=\"634d11b\" data-element_type=\"container\" data-e-type=\"container\" data-settings=\"{&quot;background_background&quot;:&quot;classic&quot;}\">\n\t\t\t\t\t<div class=\"e-con-inner\">\n\t\t\t\t<div class=\"elementor-element elementor-element-6fb9b5a elementor-invisible elementor-widget elementor-widget-text-editor\" data-id=\"6fb9b5a\" data-element_type=\"widget\" data-e-type=\"widget\" data-settings=\"{&quot;_animation&quot;:&quot;fadeIn&quot;}\" data-widget_type=\"text-editor.default\">\n\t\t\t\t<div class=\"elementor-widget-container\">\n\t\t\t\t\t\t\t\t\tCreemos en el poder del movimiento consciente, la respiraci\u00f3n y el silencio. Nuestro centro es un espacio seguro para que explores tu pr\u00e1ctica, sin juicios y a tu ritmo, con un equipo apasionado y comprometido en guiarte con presencia y empat\u00eda.\t\t\t\t\t\t\t\t<\/div>\n\t\t\t\t<\/div>\n\t\t\t\t<div class=\"elementor-element elementor-element-75efc6b elementor-align-center elementor-invisible elementor-widget elementor-widget-button\" data-id=\"75efc6b\" data-element_type=\"widget\" data-e-type=\"widget\" data-settings=\"{&quot;_animation&quot;:&quot;fadeInUp&quot;}\" data-widget_type=\"button.default\">\n\t\t\t\t<div class=\"elementor-widget-container\">\n\t\t\t\t\t\t\t\t\t<div class=\"elementor-button-wrapper\">\n\t\t\t\t\t<a class=\"elementor-button elementor-button-link elementor-size-sm\" href=\"https:\/\/www.sadhana-yoga.es\/es\/nosotros\/\">\n\t\t\t\t\t\t<span class=\"elementor-button-content-wrapper\">\n\t\t\t\t\t\t\t\t\t<span class=\"elementor-button-text\">conoce el espacio<\/span>\n\t\t\t\t\t<\/span>\n\t\t\t\t\t<\/a>\n\t\t\t\t<\/div>\n\t\t\t\t\t\t\t\t<\/div>\n\t\t\t\t<\/div>\n\t\t\t\t\t<\/div>\n\t\t\t\t<\/div>\n\t\t<div class=\"elementor-element elementor-element-76136ed e-flex e-con-boxed e-con e-parent\" data-id=\"76136ed\" data-element_type=\"container\" data-e-type=\"container\">\n\t\t\t\t\t<div class=\"e-con-inner\">\n\t\t\t\t<div class=\"elementor-element elementor-element-6a22061 elementor-widget elementor-widget-heading\" data-id=\"6a22061\" data-element_type=\"widget\" data-e-type=\"widget\" data-widget_type=\"heading.default\">\n\t\t\t\t<div class=\"elementor-widget-container\">\n\t\t\t\t\t<h1 class=\"elementor-heading-title elementor-size-default\">ActviDADES<\/h1>\t\t\t\t<\/div>\n\t\t\t\t<\/div>\n\t\t\t\t<div class=\"elementor-element elementor-element-e51cec3 elementor-widget elementor-widget-image\" data-id=\"e51cec3\" data-element_type=\"widget\" data-e-type=\"widget\" data-widget_type=\"image.default\">\n\t\t\t\t<div class=\"elementor-widget-container\">\n\t\t\t\t\t\t\t\t\t\t\t\t\t\t\t<img decoding=\"async\" src=\"https:\/\/www.sadhana-yoga.es\/wp-content\/uploads\/2025\/05\/icon.png\" title=\"\" alt=\"\" loading=\"lazy\" \/>\t\t\t\t\t\t\t\t\t\t\t\t\t\t\t<\/div>\n\t\t\t\t<\/div>\n\t\t\t\t<div class=\"elementor-element elementor-element-2fc814b elementor-widget elementor-widget-text-editor\" data-id=\"2fc814b\" data-element_type=\"widget\" data-e-type=\"widget\" data-widget_type=\"text-editor.default\">\n\t\t\t\t<div class=\"elementor-widget-container\">\n\t\t\t\t\t\t\t\t\tM\u00e1s all\u00e1 de las clases, abrimos espacios para compartir, crecer y vivir nuevas experiencias.\nOfrecemos casales de verano para ni\u00f1os, talleres tem\u00e1ticos, retiros y viajes conscientes, encuentros y actividades para todas las edades.\nCada propuesta es una oportunidad para conectar contigo mismo\/a y con la comunidad.\t\t\t\t\t\t\t\t<\/div>\n\t\t\t\t<\/div>\n\t\t\t\t\t<\/div>\n\t\t\t\t<\/div>\n\t\t<div class=\"elementor-element elementor-element-b9720c3 e-flex e-con-boxed e-con e-parent\" data-id=\"b9720c3\" data-element_type=\"container\" data-e-type=\"container\">\n\t\t\t\t\t<div class=\"e-con-inner\">\n\t\t\t\t<div class=\"elementor-element elementor-element-5a97c57 elementor-widget elementor-widget-shortcode\" data-id=\"5a97c57\" data-element_type=\"widget\" data-e-type=\"widget\" data-widget_type=\"shortcode.default\">\n\t\t\t\t<div class=\"elementor-widget-container\">\n\t\t\t\t\t\t\t<div class=\"elementor-shortcode\"><style id=\"wp_carousel_dynamic_css1160\">.sp-wp-carousel-free-id-1160.wpcf-fancybox-wrapper .fancybox-bg{background: #0b0b0b;opacity: 0.8;}.sp-wp-carousel-free-id-1160.wpcf-fancybox-wrapper .fancybox-navigation .fancybox-button .wpcp-fancybox-nav-arrow i {color: #ccc;}.sp-wp-carousel-free-id-1160.wpcf-fancybox-wrapper .fancybox-navigation .fancybox-button .wpcp-fancybox-nav-arrow i:hover {color: #fff;}.sp-wp-carousel-free-id-1160.wpcf-fancybox-wrapper .fancybox-navigation .fancybox-button {background: #1e1e1e;}.sp-wp-carousel-free-id-1160.wpcf-fancybox-wrapper .fancybox-navigation .fancybox-button:hover {background: #1e1e1e;}#sp-wp-carousel-free-id-1160 .wpcp-swiper-dots {margin: 40px 0px 0px 0px;}.wpcp-wrapper-1160 .swiper-wrapper .swiper-slide-kenburn, .wpcp-wrapper-1160 .swiper-wrapper, .wpcp-wrapper-1160 .wpcpro-row{align-items: center;}#sp-wp-carousel-free-id-1160 .wpcp-single-item {box-shadow: 0px 0px 0px 0px #dddddd;transition: all .3s;margin: 0px;}#sp-wp-carousel-free-id-1160.swiper-flip .wpcp-single-item{margin: 0!important;}#sp-wp-carousel-free-id-1160 .wpcp-single-item:hover {box-shadow: 0px 0px 0px 0px #dddddd;}#sp-wp-carousel-free-id-1160.sp-wpcp-1160 .wpcp-single-item {border: 1px solid #dddddd;}#sp-wp-carousel-free-id-1160.wpcp-carousel-section.sp-wpcp-1160 .swiper-button-prev,#sp-wp-carousel-free-id-1160.wpcp-carousel-section.sp-wpcp-1160 .swiper-button-next,#sp-wp-carousel-free-id-1160.wpcp-carousel-section.sp-wpcp-1160 .swiper-button-prev:hover,#sp-wp-carousel-free-id-1160.wpcp-carousel-section.sp-wpcp-1160 .swiper-button-next:hover {font-size: 18px ; font-weight: 400;}#sp-wp-carousel-free-id-1160.sp-wpcp-1160 .swiper-button-prev,#sp-wp-carousel-free-id-1160.sp-wpcp-1160 .swiper-button-next,#sp-wp-carousel-free-id-1160.sp-wpcp-1160 .swiper-button-prev:hover,#sp-wp-carousel-free-id-1160.sp-wpcp-1160 .swiper-button-next:hover {background: none;border: none;font-size: 30px;}#sp-wp-carousel-free-id-1160.sp-wpcp-1160 .swiper-button-prev i,#sp-wp-carousel-free-id-1160.sp-wpcp-1160 .swiper-button-next i {color: #aaa;}#sp-wp-carousel-free-id-1160.sp-wpcp-1160 .swiper-button-prev i:hover,#sp-wp-carousel-free-id-1160.sp-wpcp-1160 .swiper-button-next i:hover {color: #178087;}#sp-wp-carousel-free-id-1160.sp-wpcp-1160 .wpcp-swiper-dots .swiper-pagination-bullet {background-color: #cccccc;}#sp-wp-carousel-free-id-1160.sp-wpcp-1160 .wpcp-swiper-dots .swiper-pagination-bullet.swiper-pagination-bullet-active {background-color: #178087;} #sp-wp-carousel-free-id-1160.sp-wpcp-1160.wpcp-image-carousel .wpcp-single-item:hover img, #sp-wp-carousel-free-id-1160.sp-wpcp-1160.wpcp-post-carousel .wpcp-single-item:hover img, #sp-wp-carousel-free-id-1160.sp-wpcp-1160.wpcp-product-carousel .wpcp-single-item:hover img{-webkit-transform: scale(1.2);-moz-transform: scale(1.2);transform: scale(1.2);}.wpcp-carousel-wrapper #sp-wp-carousel-free-id-1160.wpcp-post-carousel .wpcp-single-item {background: #f9f9f9;}#sp-wp-carousel-free-id-1160 .wpcpro-row>[class*=\"wpcpro-col-\"] { padding: 0 10px; padding-bottom: 20px;} #sp-wp-carousel-free-id-1160 .swiper-slide .single-item-fade:not(:last-child) { margin-right: 20px;}@media (min-width: 480px) { .wpcpro-row .wpcpro-col-sm-1 { flex: 0 0 100%; max-width: 100%; } .wpcpro-row .wpcpro-col-sm-2 { flex: 0 0 50%; max-width: 50%; } .wpcpro-row .wpcpro-col-sm-2-5 { flex: 0 0 75%; max-width: 75%; } .wpcpro-row .wpcpro-col-sm-3 { flex: 0 0 33.333%; max-width: 33.333%; } .wpcpro-row .wpcpro-col-sm-4 { flex: 0 0 25%; max-width: 25%; } .wpcpro-row .wpcpro-col-sm-5 { flex: 0 0 20%; max-width: 20%; } .wpcpro-row .wpcpro-col-sm-6 { flex: 0 0 16.66666666666667%; max-width: 16.66666666666667%; } .wpcpro-row .wpcpro-col-sm-7 { flex: 0 0 14.28571428%; max-width: 14.28571428%; } .wpcpro-row .wpcpro-col-sm-8 { flex: 0 0 12.5%; max-width: 12.5%; } } @media (max-width: 480px) { .wpcpro-row .wpcpro-col-xs-1 { flex: 0 0 100%; max-width: 100%; } .wpcpro-row .wpcpro-col-xs-2 { flex: 0 0 50%; max-width: 50%; } .wpcpro-row .wpcpro-col-xs-3 { flex: 0 0 33.222%; max-width: 33.222%; } .wpcpro-row .wpcpro-col-xs-4 { flex: 0 0 25%; max-width: 25%; } .wpcpro-row .wpcpro-col-xs-5 { flex: 0 0 20%; max-width: 20%; } .wpcpro-row .wpcpro-col-xs-6 { flex: 0 0 16.6667%; max-width: 16.6667%; } .wpcpro-row .wpcpro-col-xs-7 { flex: 0 0 14.28571428%; max-width: 14.28571428%; } .wpcpro-row .wpcpro-col-xs-8 { flex: 0 0 12.5%; max-width: 12.5%; } } @media (min-width: 736px) { .wpcpro-row .wpcpro-col-md-1 { flex: 0 0 100%; max-width: 100%; } .wpcpro-row .wpcpro-col-md-2 { flex: 0 0 50%; max-width: 50%; } .wpcpro-row .wpcpro-col-md-2-5 { flex: 0 0 75%; max-width: 75%; } .wpcpro-row .wpcpro-col-md-3 { flex: 0 0 33.333%; max-width: 33.333%; } .wpcpro-row .wpcpro-col-md-4 { flex: 0 0 25%; max-width: 25%; } .wpcpro-row .wpcpro-col-md-5 { flex: 0 0 20%; max-width: 20%; } .wpcpro-row .wpcpro-col-md-6 { flex: 0 0 16.66666666666667%; max-width: 16.66666666666667%; } .wpcpro-row .wpcpro-col-md-7 { flex: 0 0 14.28571428%; max-width: 14.28571428%; } .wpcpro-row .wpcpro-col-md-8 { flex: 0 0 12.5%; max-width: 12.5%; } } @media (min-width: 980px) { .wpcpro-row .wpcpro-col-lg-1 { flex: 0 0 100%; max-width: 100%; } .wpcpro-row .wpcpro-col-lg-2 { flex: 0 0 50%; max-width: 50%; } .wpcpro-row .wpcpro-col-lg-3 { flex: 0 0 33.222%; max-width: 33.222%; } .wpcpro-row .wpcpro-col-lg-4 { flex: 0 0 25%; max-width: 25%; } .wpcpro-row .wpcpro-col-lg-5 { flex: 0 0 20%; max-width: 20%; } .wpcpro-row .wpcpro-col-lg-6 { flex: 0 0 16.6667%; max-width: 16.6667%; } .wpcpro-row .wpcpro-col-lg-7 { flex: 0 0 14.28571428%; max-width: 14.28571428%; } .wpcpro-row .wpcpro-col-lg-8 { flex: 0 0 12.5%; max-width: 12.5%; } } @media (min-width: 1200px) { .wpcpro-row .wpcpro-col-xl-1 { flex: 0 0 100%; max-width: 100%; } .wpcpro-row .wpcpro-col-xl-2 { flex: 0 0 50%; max-width: 50%; } .wpcpro-row .wpcpro-col-xl-3 { flex: 0 0 33.22222222%; max-width: 33.22222222%; } .wpcpro-row .wpcpro-col-xl-4 { flex: 0 0 25%; max-width: 25%; } .wpcpro-row .wpcpro-col-xl-5 { flex: 0 0 20%; max-width: 20%; } .wpcpro-row .wpcpro-col-xl-6 { flex: 0 0 16.66667%; max-width: 16.66667%; } .wpcpro-row .wpcpro-col-xl-7 { flex: 0 0 14.28571428%; max-width: 14.28571428%; } .wpcpro-row .wpcpro-col-xl-8 { flex: 0 0 12.5%; max-width: 12.5%; } }<\/style><div class=\"wpcp-carousel-wrapper wpcp-wrapper-1160\">\n\t<div id=\"wpcp-preloader-1160\" class=\"wpcp-carousel-preloader\"><img decoding=\"async\" src=\"https:\/\/www.sadhana-yoga.es\/es\/wp-content\/plugins\/wp-carousel-free\/public\/css\/spinner.svg\" alt=\"Preloader Image\" \/><\/div>\t<div class=\"wpcp-carousel-content-wrapper\">\n\t<div id=\"sp-wp-carousel-free-id-1160\" class=\"wpcp-carousel-section sp-wpcp-1160  nav-vertical-center wpcp-post-carousel wpcp-preloader wpcp-standard\" data-swiper='{ &quot;pagination_type&quot;: &quot;dots&quot;,&quot;accessibility&quot;:true, &quot;spaceBetween&quot;:20, &quot;arrows&quot;:true, &quot;freeMode&quot;: false, &quot;autoplay&quot;:true, &quot;effect&quot;: &quot;&quot;, &quot;centerMode&quot;: false, &quot;autoplaySpeed&quot;:3000, &quot;dots&quot;:true, &quot;infinite&quot;:true, &quot;speed&quot;:600, &quot;pauseOnHover&quot;:true,\n\t\t\t&quot;slidesToShow&quot;:{&quot;lg_desktop&quot;:4, &quot;desktop&quot;: 4, &quot;laptop&quot;: 3, &quot;tablet&quot;: 2, &quot;mobile&quot;: 1}, &quot;responsive&quot;:{&quot;desktop&quot;:1200, &quot;laptop&quot;: 980, &quot;tablet&quot;: 736, &quot;mobile&quot;: 480}, &quot;rtl&quot;:false, &quot;lazyLoad&quot;: &quot;false&quot;, &quot;swipe&quot;: true, &quot;draggable&quot;: true, &quot;swipeToSlide&quot;:false }' dir=\"ltr\">\n\t\t<div class=\"swiper-wrapper\">\n\t\t<div class=\"swiper-slide\">\n\t<div class=\"wpcp-single-item\">\n\t\t\t<div class=\"wpcp-slide-image\">\n\t\t<a href=\"https:\/\/www.sadhana-yoga.es\/es\/caminata-per-montserrat\/\">\n\t\t\t<img loading=\"lazy\" decoding=\"async\" class=\"skip-lazy\" src=\"https:\/\/www.sadhana-yoga.es\/es\/wp-content\/uploads\/2026\/02\/Caminada-per-Montserrat-Igualada.jpg\" title=\"Caminada per Montserrat Igualada\" alt=\"\" width=\"1200\" height=\"630\">\t\t<\/a>\n\t<\/div>\n\t\t\t\t<div class=\"wpcp-all-captions\">\n\t\t\t<ul class=\"wpcp-post-meta\">\n\t\t\t\t\t<li><a href=\"https:\/\/www.sadhana-yoga.es\/es\/author\/sadhana\/\">\n\t\t\tBy Sadhana\t\t\t<\/a><\/li>\n\t\t\t\t\t<\/ul>\n\t<h2 class=\"wpcp-post-title\">\n\t<a href=\"https:\/\/www.sadhana-yoga.es\/es\/caminata-per-montserrat\/\">\n\t\tCAMINATA PER MONTSERRAT\t<\/a>\n<\/h2>\n\t<div class='wpcp-post-content'>\n\t<p>Caminata por Montserrat para celebrar el 20 aniversario de S\u00e2dhana Yoga y Pilates.<\/p>\n<\/div>\n\t\t<\/div>\n\t<\/div>\n<\/div>\n<div class=\"swiper-slide\">\n\t<div class=\"wpcp-single-item\">\n\t\t\t<div class=\"wpcp-slide-image\">\n\t\t<a href=\"https:\/\/www.sadhana-yoga.es\/es\/taller-de-kundalini-yoga-a-igualada-chakra-manipura\/\">\n\t\t\t<img loading=\"lazy\" decoding=\"async\" class=\"skip-lazy\" src=\"https:\/\/www.sadhana-yoga.es\/es\/wp-content\/uploads\/2026\/01\/Taller-Kundalini-Igualada-1.jpg\" title=\"Taller Kundalini Igualada (1)\" alt=\"\" width=\"1200\" height=\"630\">\t\t<\/a>\n\t<\/div>\n\t\t\t\t<div class=\"wpcp-all-captions\">\n\t\t\t<ul class=\"wpcp-post-meta\">\n\t\t\t\t\t<li><a href=\"https:\/\/www.sadhana-yoga.es\/es\/author\/sadhana\/\">\n\t\t\tBy Sadhana\t\t\t<\/a><\/li>\n\t\t\t\t\t<\/ul>\n\t<h2 class=\"wpcp-post-title\">\n\t<a href=\"https:\/\/www.sadhana-yoga.es\/es\/taller-de-kundalini-yoga-a-igualada-chakra-manipura\/\">\n\t\tTALLER DE KUNDALINI YOGA A IGUALADA \u2013 CHAKRA MANIPURA\t<\/a>\n<\/h2>\n\t<div class='wpcp-post-content'>\n\t<p>Pr\u00e1ctica intensa con Ravi Sat Jeet \u2013 S\u00e2dhana Yoga y Pilates.<\/p>\n<\/div>\n\t\t<\/div>\n\t<\/div>\n<\/div>\n<div class=\"swiper-slide\">\n\t<div class=\"wpcp-single-item\">\n\t\t\t<div class=\"wpcp-slide-image\">\n\t\t<a href=\"https:\/\/www.sadhana-yoga.es\/es\/nuestro-regalo-de-navidad\/\">\n\t\t\t<img loading=\"lazy\" decoding=\"async\" class=\"skip-lazy\" src=\"https:\/\/www.sadhana-yoga.es\/es\/wp-content\/uploads\/2025\/12\/Concert-de-Nadal-2025-Igualada.jpg\" title=\"Concert de Nadal 2025 Igualada\" alt=\"\" width=\"1200\" height=\"630\">\t\t<\/a>\n\t<\/div>\n\t\t\t\t<div class=\"wpcp-all-captions\">\n\t\t\t<ul class=\"wpcp-post-meta\">\n\t\t\t\t\t<li><a href=\"https:\/\/www.sadhana-yoga.es\/es\/author\/sadhana\/\">\n\t\t\tBy Sadhana\t\t\t<\/a><\/li>\n\t\t\t\t\t<\/ul>\n\t<h2 class=\"wpcp-post-title\">\n\t<a href=\"https:\/\/www.sadhana-yoga.es\/es\/nuestro-regalo-de-navidad\/\">\n\t\tNUESTRO REGALO DE NAVIDAD\t<\/a>\n<\/h2>\n\t<div class='wpcp-post-content'>\n\t<p>Nos hace ilusi\u00f3n invitaros el pr\u00f3ximo 22 de diciembre a las 19:30h a un concierto muy especial.<\/p>\n<\/div>\n\t\t<\/div>\n\t<\/div>\n<\/div>\n<div class=\"swiper-slide\">\n\t<div class=\"wpcp-single-item\">\n\t\t\t<div class=\"wpcp-slide-image\">\n\t\t<a href=\"https:\/\/www.sadhana-yoga.es\/es\/formacion-ninos-en-equilibrio-aprender-a-canalizar-la-energia\/\">\n\t\t\t<img loading=\"lazy\" decoding=\"async\" class=\"skip-lazy\" src=\"https:\/\/www.sadhana-yoga.es\/es\/wp-content\/uploads\/2025\/06\/Formacio-infants-Igualada.jpg\" title=\"Formaci\u00f3 infants Igualada\" alt=\"\" width=\"1200\" height=\"630\">\t\t<\/a>\n\t<\/div>\n\t\t\t\t<div class=\"wpcp-all-captions\">\n\t\t\t<ul class=\"wpcp-post-meta\">\n\t\t\t\t\t<li><a href=\"https:\/\/www.sadhana-yoga.es\/es\/author\/sadhana\/\">\n\t\t\tBy Sadhana\t\t\t<\/a><\/li>\n\t\t\t\t\t<\/ul>\n\t<h2 class=\"wpcp-post-title\">\n\t<a href=\"https:\/\/www.sadhana-yoga.es\/es\/formacion-ninos-en-equilibrio-aprender-a-canalizar-la-energia\/\">\n\t\tFORMACI\u00d3N NI\u00d1OS EN EQUILIBRIO, APRENDER A CANALIZAR LA ENERG\u00cdA\t<\/a>\n<\/h2>\n\t<div class='wpcp-post-content'>\n\t<p>Aprender herramientas de equilibrio y canalizaci\u00f3n de la energ\u00eda para acompa\u00f1ar los ni\u00f1os a tomar conciencia de sus potencialidades y [&hellip;]<\/p>\n<\/div>\n\t\t<\/div>\n\t<\/div>\n<\/div>\n<div class=\"swiper-slide\">\n\t<div class=\"wpcp-single-item\">\n\t\t\t<div class=\"wpcp-slide-image\">\n\t\t<a href=\"https:\/\/www.sadhana-yoga.es\/es\/caminata-2025\/\">\n\t\t\t<img loading=\"lazy\" decoding=\"async\" class=\"skip-lazy\" src=\"https:\/\/www.sadhana-yoga.es\/es\/wp-content\/uploads\/2025\/05\/Caminada-2025-Igualada.jpg\" title=\"Caminada 2025 Igualada\" alt=\"\" width=\"1200\" height=\"630\">\t\t<\/a>\n\t<\/div>\n\t\t\t\t<div class=\"wpcp-all-captions\">\n\t\t\t<ul class=\"wpcp-post-meta\">\n\t\t\t\t\t<li><a href=\"https:\/\/www.sadhana-yoga.es\/es\/author\/sadhana\/\">\n\t\t\tBy Sadhana\t\t\t<\/a><\/li>\n\t\t\t\t\t<\/ul>\n\t<h2 class=\"wpcp-post-title\">\n\t<a href=\"https:\/\/www.sadhana-yoga.es\/es\/caminata-2025\/\">\n\t\tCAMINATA 2025\t<\/a>\n<\/h2>\n\t<div class='wpcp-post-content'>\n\t<p>Vive activo y sano con la caminata por los alrededores de VILANOVA DEL CAMI que te ofrecemos para el pr\u00f3ximo [&hellip;]<\/p>\n<\/div>\n\t\t<\/div>\n\t<\/div>\n<\/div>\n<div class=\"swiper-slide\">\n\t<div class=\"wpcp-single-item\">\n\t\t\t<div class=\"wpcp-slide-image\">\n\t\t<a href=\"https:\/\/www.sadhana-yoga.es\/es\/viaje-a-la-india-y-a-indonesia\/\">\n\t\t\t<img loading=\"lazy\" decoding=\"async\" class=\"skip-lazy\" src=\"https:\/\/www.sadhana-yoga.es\/es\/wp-content\/uploads\/2025\/05\/Viatge-a-lIndia-i-Indonesia-Igualada.jpg\" title=\"Viatge a l&#039;\u00cdndia i Indon\u00e8sia Igualada\" alt=\"\" width=\"1200\" height=\"630\">\t\t<\/a>\n\t<\/div>\n\t\t\t\t<div class=\"wpcp-all-captions\">\n\t\t\t<ul class=\"wpcp-post-meta\">\n\t\t\t\t\t<li><a href=\"https:\/\/www.sadhana-yoga.es\/es\/author\/sadhana\/\">\n\t\t\tBy Sadhana\t\t\t<\/a><\/li>\n\t\t\t\t\t<\/ul>\n\t<h2 class=\"wpcp-post-title\">\n\t<a href=\"https:\/\/www.sadhana-yoga.es\/es\/viaje-a-la-india-y-a-indonesia\/\">\n\t\tVIAJE A LA INDIA Y A INDONESIA\t<\/a>\n<\/h2>\n\t<div class='wpcp-post-content'>\n\t<p>Este a\u00f1o, estamos emocionados de presentaros dos experiencias inolvidables que combinan lo mejor del yoga y el turismo.Nuestros destinos son:\u2013&nbsp;India: [&hellip;]<\/p>\n<\/div>\n\t\t<\/div>\n\t<\/div>\n<\/div>\n<div class=\"swiper-slide\">\n\t<div class=\"wpcp-single-item\">\n\t\t\t<div class=\"wpcp-slide-image\">\n\t\t<a href=\"https:\/\/www.sadhana-yoga.es\/es\/taller-de-kundalini-yoga-musica-y-mantras\/\">\n\t\t\t<img loading=\"lazy\" decoding=\"async\" class=\"skip-lazy\" src=\"https:\/\/www.sadhana-yoga.es\/es\/wp-content\/uploads\/2025\/05\/Taller-de-Kundalini-Igualada.jpg\" title=\"Taller de Kundalini Igualada\" alt=\"\" width=\"1200\" height=\"630\">\t\t<\/a>\n\t<\/div>\n\t\t\t\t<div class=\"wpcp-all-captions\">\n\t\t\t<ul class=\"wpcp-post-meta\">\n\t\t\t\t\t<li><a href=\"https:\/\/www.sadhana-yoga.es\/es\/author\/sadhana\/\">\n\t\t\tBy Sadhana\t\t\t<\/a><\/li>\n\t\t\t\t\t<\/ul>\n\t<h2 class=\"wpcp-post-title\">\n\t<a href=\"https:\/\/www.sadhana-yoga.es\/es\/taller-de-kundalini-yoga-musica-y-mantras\/\">\n\t\tTALLER DE KUNDALINI YOGA, M\u00daSICA Y MANTRAS\t<\/a>\n<\/h2>\n\t<div class='wpcp-post-content'>\n\t<p>El pr\u00f3ximo 23 de marzo de 2025 a las 10h les ofrecemos un taller especial de Kundalini Yoga: \u00abLos Magn\u00edficos [&hellip;]<\/p>\n<\/div>\n\t\t<\/div>\n\t<\/div>\n<\/div>\n\t\t<\/div>\n\t\t\t\t\t<div class=\"wpcp-swiper-dots swiper-pagination\"><\/div>\n\t\t\t\t<!-- If we need navigation buttons -->\n\t\t\t\t\t<div class=\"wpcp-prev-button swiper-button-prev\"><i class=\"fa fa-angle-left\"><\/i><\/div>\n\t\t\t<div class=\"wpcp-next-button swiper-button-next\"><i class=\"fa fa-angle-right\"><\/i><\/div>\n\t\t\t<\/div>\n\t<\/div>\n<\/div>\n<\/div>\n\t\t\t\t\t\t<\/div>\n\t\t\t\t<\/div>\n\t\t\t\t\t<\/div>\n\t\t\t\t<\/div>\n\t\t\t\t<\/div>\n\t\t","protected":false},"excerpt":{"rendered":"<p>Respira profundo.Has llegado a tu espacio de calma. Bienvenido a S\u00e2dhana, un espacio para reconectar contigo. \u00a1Ven a probar! \u00bfQu\u00e9 [&hellip;]<\/p>\n","protected":false},"author":1,"featured_media":0,"parent":0,"menu_order":0,"comment_status":"closed","ping_status":"closed","template":"","meta":{"site-sidebar-layout":"no-sidebar","site-content-layout":"page-builder","ast-site-content-layout":"default","site-content-style":"default","site-sidebar-style":"default","ast-global-header-display":"","ast-banner-title-visibility":"","ast-main-header-display":"","ast-hfb-above-header-display":"","ast-hfb-below-header-display":"","ast-hfb-mobile-header-display":"","site-post-title":"disabled","ast-breadcrumbs-content":"","ast-featured-img":"disabled","footer-sml-layout":"","ast-disable-related-posts":"","theme-transparent-header-meta":"default","adv-header-id-meta":"","stick-header-meta":"","header-above-stick-meta":"","header-main-stick-meta":"","header-below-stick-meta":"","astra-migrate-meta-layouts":"default","ast-page-background-enabled":"default","ast-page-background-meta":{"desktop":{"background-color":"","background-image":"","background-repeat":"repeat","background-position":"center center","background-size":"auto","background-attachment":"scroll","background-type":"","background-media":"","overlay-type":"","overlay-color":"","overlay-opacity":"","overlay-gradient":""},"tablet":{"background-color":"","background-image":"","background-repeat":"repeat","background-position":"center center","background-size":"auto","background-attachment":"scroll","background-type":"","background-media":"","overlay-type":"","overlay-color":"","overlay-opacity":"","overlay-gradient":""},"mobile":{"background-color":"","background-image":"","background-repeat":"repeat","background-position":"center center","background-size":"auto","background-attachment":"scroll","background-type":"","background-media":"","overlay-type":"","overlay-color":"","overlay-opacity":"","overlay-gradient":""}},"ast-content-background-meta":{"desktop":{"background-color":"var(--ast-global-color-5)","background-image":"","background-repeat":"repeat","background-position":"center center","background-size":"auto","background-attachment":"scroll","background-type":"","background-media":"","overlay-type":"","overlay-color":"","overlay-opacity":"","overlay-gradient":""},"tablet":{"background-color":"var(--ast-global-color-5)","background-image":"","background-repeat":"repeat","background-position":"center center","background-size":"auto","background-attachment":"scroll","background-type":"","background-media":"","overlay-type":"","overlay-color":"","overlay-opacity":"","overlay-gradient":""},"mobile":{"background-color":"var(--ast-global-color-5)","background-image":"","background-repeat":"repeat","background-position":"center center","background-size":"auto","background-attachment":"scroll","background-type":"","background-media":"","overlay-type":"","overlay-color":"","overlay-opacity":"","overlay-gradient":""}},"footnotes":""},"class_list":["post-781","page","type-page","status-publish","hentry"],"_links":{"self":[{"href":"https:\/\/www.sadhana-yoga.es\/es\/wp-json\/wp\/v2\/pages\/781","targetHints":{"allow":["GET"]}}],"collection":[{"href":"https:\/\/www.sadhana-yoga.es\/es\/wp-json\/wp\/v2\/pages"}],"about":[{"href":"https:\/\/www.sadhana-yoga.es\/es\/wp-json\/wp\/v2\/types\/page"}],"author":[{"embeddable":true,"href":"https:\/\/www.sadhana-yoga.es\/es\/wp-json\/wp\/v2\/users\/1"}],"replies":[{"embeddable":true,"href":"https:\/\/www.sadhana-yoga.es\/es\/wp-json\/wp\/v2\/comments?post=781"}],"version-history":[{"count":174,"href":"https:\/\/www.sadhana-yoga.es\/es\/wp-json\/wp\/v2\/pages\/781\/revisions"}],"predecessor-version":[{"id":2774,"href":"https:\/\/www.sadhana-yoga.es\/es\/wp-json\/wp\/v2\/pages\/781\/revisions\/2774"}],"wp:attachment":[{"href":"https:\/\/www.sadhana-yoga.es\/es\/wp-json\/wp\/v2\/media?parent=781"}],"curies":[{"name":"wp","href":"https:\/\/api.w.org\/{rel}","templated":true}]}}